{"id":9,"date":"2025-02-21T15:04:21","date_gmt":"2025-02-21T14:04:21","guid":{"rendered":"https:\/\/www.mobilimariani.com\/?page_id=9"},"modified":"2025-04-18T11:09:18","modified_gmt":"2025-04-18T09:09:18","slug":"arredamento-qualita-italia-svizzera-francia-2","status":"publish","type":"page","link":"https:\/\/www.mobilimariani.com\/","title":{"rendered":"Arredamento di qualit\u00e0 per Italia, Svizzera e Francia"},"content":{"rendered":"<p>ARREDAMENTO DI QUALIT\u00c0 PER ITALIA, SVIZZERA E FRANCIA<br \/>\nArredamento di qualit\u00e0 per Italia, Svizzera e Francia Mariani Abitare Oggi distribuisce arredamento di qualit\u00e0 per Italia, Svizzera e Francia .<\/p>\n<p>Nel negozio ad Ivrea in Corso Massimo D\u2019Azeglio 74 potete toccare con mano proposte d\u2019ambientazione complete nei dettagli e riferite ai diversi stili di vita.<\/p>\n<p>Tra i nostri servizi spicca la progettazione degli ambienti con proposte d&#8217;interior design professionali ed all\u2019avanguardia. La risultante \u00e8 la soluzione pi\u00f9 vicina alle esigenze del cliente, la pi\u00f9 funzionale ed armonica.<\/p>\n","protected":false},"excerpt":{"rendered":"ARREDAMENTO DI QUALIT\u00c0 PER ITALIA, SVIZZERA E FRANCIA Arredamento di qualit\u00e0 per Italia, Svizzera e Francia Mariani Abitare Oggi distribuisce arredamento di qualit\u00e0 per Italia, Svizzera e Francia . Nel negozio ad Ivrea in Corso Massimo D\u2019Azeglio 74 potete toccare con mano proposte d\u2019ambientazione complete nei dettagli e riferite ai diversi stili di vita. Tra&#8230; <a class=\"view-article\" href=\"https:\/\/www.mobilimariani.com\/\">Voir l&#8217;article<\/a>","protected":false},"author":1,"featured_media":0,"parent":0,"menu_order":0,"comment_status":"closed","ping_status":"closed","template":"homepage.php","meta":[],"yoast_head":"<!-- This site is optimized with the Yoast SEO plugin v16.2 - https:\/\/yoast.com\/wordpress\/plugins\/seo\/ -->\n<meta name=\"description\" content=\"Showroom a Ivrea. Arredamento made in Italy, moderno di qualit\u00e0 per Italia e Svizzera. Progettazione, interior design. Cucine, camere da letto, divani, soggiorni, bagni, complementi d&#039;arredo\" \/>\n<meta name=\"robots\" content=\"index, follow, max-snippet:-1, max-image-preview:large, max-video-preview:-1\" \/>\n<link rel=\"canonical\" href=\"https:\/\/www.mobilimariani.com\/\" \/>\n<meta property=\"og:locale\" content=\"fr_FR\" \/>\n<meta property=\"og:type\" content=\"article\" \/>\n<meta property=\"og:title\" content=\"Arredamento qualit\u00e0 per Italia Svizzera Francia | Mobili Mariani Ivrea\" \/>\n<meta property=\"og:description\" content=\"Showroom a Ivrea. Arredamento made in Italy, moderno di qualit\u00e0 per Italia e Svizzera. Progettazione, interior design. Cucine, camere da letto, divani, soggiorni, bagni, complementi d&#039;arredo\" \/>\n<meta property=\"og:url\" content=\"https:\/\/www.mobilimariani.com\/\" \/>\n<meta property=\"og:site_name\" content=\"Mobili Mariani\" \/>\n<meta property=\"article:modified_time\" content=\"2025-04-18T09:09:18+00:00\" \/>\n<meta name=\"twitter:label1\" content=\"Est. reading time\">\n\t<meta name=\"twitter:data1\" content=\"1 minute\">\n<script type=\"application\/ld+json\" class=\"yoast-schema-graph\">{\"@context\":\"https:\/\/schema.org\",\"@graph\":[{\"@type\":\"Organization\",\"@id\":\"https:\/\/www.mobilimariani.com\/#organization\",\"name\":\"Mobili Mariani\",\"url\":\"https:\/\/www.mobilimariani.com\/\",\"sameAs\":[],\"logo\":{\"@type\":\"ImageObject\",\"@id\":\"https:\/\/www.mobilimariani.com\/#logo\",\"inLanguage\":\"fr-CH\",\"url\":\"https:\/\/www.mobilimariani.com\/wp-content\/uploads\/2015\/12\/logo.png\",\"contentUrl\":\"https:\/\/www.mobilimariani.com\/wp-content\/uploads\/2015\/12\/logo.png\",\"width\":160,\"height\":110,\"caption\":\"Mobili Mariani\"},\"image\":{\"@id\":\"https:\/\/www.mobilimariani.com\/#logo\"}},{\"@type\":\"WebSite\",\"@id\":\"https:\/\/www.mobilimariani.com\/#website\",\"url\":\"https:\/\/www.mobilimariani.com\/\",\"name\":\"Mobili Mariani\",\"description\":\"Mobili Italia Svizzera\",\"publisher\":{\"@id\":\"https:\/\/www.mobilimariani.com\/#organization\"},\"potentialAction\":[{\"@type\":\"SearchAction\",\"target\":\"https:\/\/www.mobilimariani.com\/?s={search_term_string}\",\"query-input\":\"required name=search_term_string\"}],\"inLanguage\":\"fr-CH\"},{\"@type\":\"WebPage\",\"@id\":\"https:\/\/www.mobilimariani.com\/#webpage\",\"url\":\"https:\/\/www.mobilimariani.com\/\",\"name\":\"Arredamento qualit\\u00e0 per Italia Svizzera Francia | Mobili Mariani Ivrea\",\"isPartOf\":{\"@id\":\"https:\/\/www.mobilimariani.com\/#website\"},\"datePublished\":\"2025-02-21T14:04:21+00:00\",\"dateModified\":\"2025-04-18T09:09:18+00:00\",\"description\":\"Showroom a Ivrea. Arredamento made in Italy, moderno di qualit\\u00e0 per Italia e Svizzera. Progettazione, interior design. Cucine, camere da letto, divani, soggiorni, bagni, complementi d'arredo\",\"breadcrumb\":{\"@id\":\"https:\/\/www.mobilimariani.com\/#breadcrumb\"},\"inLanguage\":\"fr-CH\",\"potentialAction\":[{\"@type\":\"ReadAction\",\"target\":[\"https:\/\/www.mobilimariani.com\/\"]}]},{\"@type\":\"BreadcrumbList\",\"@id\":\"https:\/\/www.mobilimariani.com\/#breadcrumb\",\"itemListElement\":[{\"@type\":\"ListItem\",\"position\":1,\"item\":{\"@type\":\"WebPage\",\"@id\":\"https:\/\/www.mobilimariani.com\/\",\"url\":\"https:\/\/www.mobilimariani.com\/\",\"name\":\"Home\"}},{\"@type\":\"ListItem\",\"position\":2,\"item\":{\"@id\":\"https:\/\/www.mobilimariani.com\/#webpage\"}}]}]}<\/script>\n<!-- \/ Yoast SEO plugin. -->","_links":{"self":[{"href":"https:\/\/www.mobilimariani.com\/fr\/wp-json\/wp\/v2\/pages\/9"}],"collection":[{"href":"https:\/\/www.mobilimariani.com\/fr\/wp-json\/wp\/v2\/pages"}],"about":[{"href":"https:\/\/www.mobilimariani.com\/fr\/wp-json\/wp\/v2\/types\/page"}],"author":[{"embeddable":true,"href":"https:\/\/www.mobilimariani.com\/fr\/wp-json\/wp\/v2\/users\/1"}],"replies":[{"embeddable":true,"href":"https:\/\/www.mobilimariani.com\/fr\/wp-json\/wp\/v2\/comments?post=9"}],"version-history":[{"count":16,"href":"https:\/\/www.mobilimariani.com\/fr\/wp-json\/wp\/v2\/pages\/9\/revisions"}],"predecessor-version":[{"id":26044,"href":"https:\/\/www.mobilimariani.com\/fr\/wp-json\/wp\/v2\/pages\/9\/revisions\/26044"}],"wp:attachment":[{"href":"https:\/\/www.mobilimariani.com\/fr\/wp-json\/wp\/v2\/media?parent=9"}],"curies":[{"name":"wp","href":"https:\/\/api.w.org\/{rel}","templated":true}]}}