{"id":114,"date":"2023-03-02T12:26:06","date_gmt":"2023-03-02T11:26:06","guid":{"rendered":"https:\/\/www.mobilimariani.com\/?page_id=114"},"modified":"2023-03-09T16:36:53","modified_gmt":"2023-03-09T15:36:53","slug":"mobilier-et-design-italien","status":"publish","type":"page","link":"https:\/\/www.mobilimariani.com\/fr\/mobilier-et-design-italien\/","title":{"rendered":"Mobilier et design italien"},"content":{"rendered":"<p><span title=\"Arredamento di qualit\u00e0 per Italia, Svizzera e Francia Mariani Abitare Oggi distribuisce arredamento di qualit\u00e0 per Italia, Svizzera e Francia .\">Meubles de qualit\u00e9 pour l&#8217;Italie, la Suisse et la France Mariani Abitare Oggi distribue des meubles de qualit\u00e9 pour l&#8217;Italie, la Suisse et la France.<br \/>\n<\/span><span title=\"Nell'ampio negozio su due piani ad Ivrea in Corso Massimo D'Azeglio 56, e nel Centro Cucine \u2013 Arredo Bagno in Corso Massimo D'Azeglio 74, posizionati a 50 metri l'uno dall'altro, potete toccare con mano proposte d'\">Dans le magasin\u00a0 \u00e0 Ivrea \u00e0 Corso Massimo D&#8217;Azeglio 74, vous pouvez toucher du doigt les propositions des endrotits <\/span><span title=\"ambientazione complete nei dettagli e riferite ai diversi stili di vita.\">\u00a0compl\u00e8tes dans les d\u00e9tails et li\u00e9s \u00e0 diff\u00e9rents modes de vie.<br \/>\n<\/span><span title=\"Tra i nostri servizi spicca la progettazione degli ambienti con proposte di interior design professionali ed all\u2019avanguardia.\">Parmi nos services se distingue la conception des environnements avec des propositions pour un design d&#8217;int\u00e9rieur professionnel et avant-gardiste.\u00a0<\/span><span title=\"La risultante \u00e8 la soluzione pi\u00f9 vicina alle esigenze del cliente, la pi\u00f9 funzionale ed armonica.\">Le r\u00e9sultat est la solution la plus proche des besoins du client, la plus fonctionnelle et la plus harmonieuse.<br \/>\n<\/span><span title=\"Altri servizi:\">Autres services<br \/>\n<\/span><span title=\"\u2022 Rilievi misure\">\u2022 relief et mesures<br \/>\n<\/span><span title=\"\u2022 Ristrutturazioni\">\u2022 R\u00e9novations<br \/>\n<\/span><span title=\"\u2022 Realizzazione mobili su misura\">\u2022 R\u00e9alisation de meubles sur mesure<br \/>\n<\/span><span title=\"\u2022 Servizio chiavi in mano\">\u2022 Service cl\u00e9 en main<br \/>\n<\/span><span title=\"\u2022 Consegne a domicilio\">\u2022 Livraison \u00e0 domicile<br \/>\n<\/span><span title=\"\u2022 Montaggi a regola d\u2019arte a regola d\u2019arte svolti da personale specializzato, preciso ed affidabile, supportato da schede tecniche ed assistito dal progettista\">\u2022 Une ex\u00e9cution pr\u00e9cise effectu\u00e9e par un personnel qualifi\u00e9, pr\u00e9cis et fiable, soutenue par des fiches techniques et assist\u00e9e par le concepteur<br \/>\n<\/span><span title=\"\u2022 Pagamenti personalizzati\">\u2022 Paiements personnalis\u00e9s<br \/>\n<\/span><span title=\"\u2022 Finanziamenti in sede\">\u2022 Fincements en place<br \/>\n<\/span><span title=\"\u2022 Assistenza post vendita\">\u2022 Assistance apr\u00e8s-vente<br \/>\n<\/span><span title=\"Le garanzie:\">Les garanties:<br \/>\n<\/span><span title=\"\u2022 Dal 1948 presenti sul mercato ad Ivrea\">\u2022 A partir de 1948 sur le march\u00e9 d&#8217;Ivrea<br \/>\n<\/span><span title=\"\u2022 Prodotti certificati dalle relative schede informative dei materiali impiegati per la costruzione, l\u2019uso e la manutenzione dei mobili\">\u2022 Produits certifi\u00e9s par les feuilles d&#8217;information pertinentes des mat\u00e9riaux utilis\u00e9s pour la construction, l&#8217;utilisation et l&#8217;entretien des meubles<br \/>\n<\/span><span title=\"\u2022 La qualit\u00e0 dei prodotti confermata dai prestigiosi marchi trattati, MADE IN ITALY\">\u2022 La qualit\u00e9 des produits confirm\u00e9e par les marques prestigieuses trait\u00e9es, MADE IN ITALY<br \/>\n<\/span><span title=\"\u2022 Prezzi trasparenti comprensivi di Iva, trasporto e montaggio senza addebiti successivi\">\u2022 Prix transparents Tva compris, transport et montage sans frais ult\u00e9rieurs<br \/>\n<\/span><span title=\"\u2022 Garanzia di due anni sui prodotti venduti.\">\u2022 Garantie de deux ans sur les produits vendus.<br \/>\n<\/span><span title=\"\u2022 Copertura assicurativa per eventuali danni arrecati durante l\u2019installazione.\">\u2022 Une couverture d&#8217;assurance pour tout dommage caus\u00e9 lors de l&#8217;installation.<br \/>\n<\/span><span title=\"Mariani Abitare Oggi spedisce e progetta in tutta Europa ed \u00e8 in grado di curare direttamente l\u2019installazione in tutto il Nord-Ovest d\u2019Italia, in Svizzera e in Francia.\">Mariani Abitare Oggi, exp\u00e9die et con\u00e7oit dans toute l&#8217;Europe et est capable de g\u00e9rer directement l&#8217;installation dans tout le nord-ouest de l&#8217;Italie, en Suisse et en France.<\/span><span id=\"result_box\" lang=\"fr\"><\/span><\/p>\n","protected":false},"excerpt":{"rendered":"Meubles de qualit\u00e9 pour l&#8217;Italie, la Suisse et la France Mariani Abitare Oggi distribue des meubles de qualit\u00e9 pour l&#8217;Italie, la Suisse et la France. Dans le magasin\u00a0 \u00e0 Ivrea \u00e0 Corso Massimo D&#8217;Azeglio 74, vous pouvez toucher du doigt les propositions des endrotits \u00a0compl\u00e8tes dans les d\u00e9tails et li\u00e9s \u00e0 diff\u00e9rents modes de vie&#8230;. <a class=\"view-article\" href=\"https:\/\/www.mobilimariani.com\/fr\/mobilier-et-design-italien\/\">Voir l&#8217;article<\/a>","protected":false},"author":1,"featured_media":29531,"parent":0,"menu_order":0,"comment_status":"closed","ping_status":"closed","template":"","meta":[],"yoast_head":"<!-- This site is optimized with the Yoast SEO plugin v16.2 - https:\/\/yoast.com\/wordpress\/plugins\/seo\/ -->\n<meta name=\"description\" content=\"Meubles de qualit\u00e9 pour l&#039;Italie, la Suisse et la France Mariani Abitare Oggi distribue des meubles de qualit\u00e9 pour l&#039;Italie, la Suisse et la France. Dans\" \/>\n<meta name=\"robots\" content=\"index, follow, max-snippet:-1, max-image-preview:large, max-video-preview:-1\" \/>\n<link rel=\"canonical\" href=\"https:\/\/www.mobilimariani.com\/fr\/mobilier-et-design-italien\/\" \/>\n<meta property=\"og:locale\" content=\"fr_FR\" \/>\n<meta property=\"og:type\" content=\"article\" \/>\n<meta property=\"og:title\" content=\"Mobilier et design italien | Mobili Mariani\" \/>\n<meta property=\"og:description\" content=\"Meubles de qualit\u00e9 pour l&#039;Italie, la Suisse et la France Mariani Abitare Oggi distribue des meubles de qualit\u00e9 pour l&#039;Italie, la Suisse et la France. Dans\" \/>\n<meta property=\"og:url\" content=\"https:\/\/www.mobilimariani.com\/fr\/mobilier-et-design-italien\/\" \/>\n<meta property=\"og:site_name\" content=\"Mobili Mariani\" \/>\n<meta property=\"article:modified_time\" content=\"2023-03-09T15:36:53+00:00\" \/>\n<meta property=\"og:image\" content=\"https:\/\/www.mobilimariani.com\/wp-content\/uploads\/2023\/03\/20230309_111432-Copia-scaled.jpg\" \/>\n\t<meta property=\"og:image:width\" content=\"2560\" \/>\n\t<meta property=\"og:image:height\" content=\"1458\" \/>\n<meta name=\"twitter:label1\" content=\"Est. reading time\">\n\t<meta name=\"twitter:data1\" content=\"2 minutes\">\n<script type=\"application\/ld+json\" class=\"yoast-schema-graph\">{\"@context\":\"https:\/\/schema.org\",\"@graph\":[{\"@type\":\"Organization\",\"@id\":\"https:\/\/www.mobilimariani.com\/#organization\",\"name\":\"Mobili Mariani\",\"url\":\"https:\/\/www.mobilimariani.com\/\",\"sameAs\":[],\"logo\":{\"@type\":\"ImageObject\",\"@id\":\"https:\/\/www.mobilimariani.com\/#logo\",\"inLanguage\":\"fr-CH\",\"url\":\"https:\/\/www.mobilimariani.com\/wp-content\/uploads\/2015\/12\/logo.png\",\"contentUrl\":\"https:\/\/www.mobilimariani.com\/wp-content\/uploads\/2015\/12\/logo.png\",\"width\":160,\"height\":110,\"caption\":\"Mobili Mariani\"},\"image\":{\"@id\":\"https:\/\/www.mobilimariani.com\/#logo\"}},{\"@type\":\"WebSite\",\"@id\":\"https:\/\/www.mobilimariani.com\/#website\",\"url\":\"https:\/\/www.mobilimariani.com\/\",\"name\":\"Mobili Mariani\",\"description\":\"Mobili Italia Svizzera\",\"publisher\":{\"@id\":\"https:\/\/www.mobilimariani.com\/#organization\"},\"potentialAction\":[{\"@type\":\"SearchAction\",\"target\":\"https:\/\/www.mobilimariani.com\/?s={search_term_string}\",\"query-input\":\"required name=search_term_string\"}],\"inLanguage\":\"fr-CH\"},{\"@type\":\"ImageObject\",\"@id\":\"https:\/\/www.mobilimariani.com\/fr\/mobilier-et-design-italien\/#primaryimage\",\"inLanguage\":\"fr-CH\",\"url\":\"https:\/\/www.mobilimariani.com\/wp-content\/uploads\/2023\/03\/20230309_111432-Copia-scaled.jpg\",\"contentUrl\":\"https:\/\/www.mobilimariani.com\/wp-content\/uploads\/2023\/03\/20230309_111432-Copia-scaled.jpg\",\"width\":2560,\"height\":1458,\"caption\":\"mobili mariani ivrea\"},{\"@type\":\"WebPage\",\"@id\":\"https:\/\/www.mobilimariani.com\/fr\/mobilier-et-design-italien\/#webpage\",\"url\":\"https:\/\/www.mobilimariani.com\/fr\/mobilier-et-design-italien\/\",\"name\":\"Mobilier et design italien | Mobili Mariani\",\"isPartOf\":{\"@id\":\"https:\/\/www.mobilimariani.com\/#website\"},\"primaryImageOfPage\":{\"@id\":\"https:\/\/www.mobilimariani.com\/fr\/mobilier-et-design-italien\/#primaryimage\"},\"datePublished\":\"2023-03-02T11:26:06+00:00\",\"dateModified\":\"2023-03-09T15:36:53+00:00\",\"description\":\"Meubles de qualit\\u00e9 pour l'Italie, la Suisse et la France Mariani Abitare Oggi distribue des meubles de qualit\\u00e9 pour l'Italie, la Suisse et la France. Dans\",\"breadcrumb\":{\"@id\":\"https:\/\/www.mobilimariani.com\/fr\/mobilier-et-design-italien\/#breadcrumb\"},\"inLanguage\":\"fr-CH\",\"potentialAction\":[{\"@type\":\"ReadAction\",\"target\":[\"https:\/\/www.mobilimariani.com\/fr\/mobilier-et-design-italien\/\"]}]},{\"@type\":\"BreadcrumbList\",\"@id\":\"https:\/\/www.mobilimariani.com\/fr\/mobilier-et-design-italien\/#breadcrumb\",\"itemListElement\":[{\"@type\":\"ListItem\",\"position\":1,\"item\":{\"@type\":\"WebPage\",\"@id\":\"https:\/\/www.mobilimariani.com\/\",\"url\":\"https:\/\/www.mobilimariani.com\/\",\"name\":\"Home\"}},{\"@type\":\"ListItem\",\"position\":2,\"item\":{\"@id\":\"https:\/\/www.mobilimariani.com\/fr\/mobilier-et-design-italien\/#webpage\"}}]}]}<\/script>\n<!-- \/ Yoast SEO plugin. -->","_links":{"self":[{"href":"https:\/\/www.mobilimariani.com\/fr\/wp-json\/wp\/v2\/pages\/114"}],"collection":[{"href":"https:\/\/www.mobilimariani.com\/fr\/wp-json\/wp\/v2\/pages"}],"about":[{"href":"https:\/\/www.mobilimariani.com\/fr\/wp-json\/wp\/v2\/types\/page"}],"author":[{"embeddable":true,"href":"https:\/\/www.mobilimariani.com\/fr\/wp-json\/wp\/v2\/users\/1"}],"replies":[{"embeddable":true,"href":"https:\/\/www.mobilimariani.com\/fr\/wp-json\/wp\/v2\/comments?post=114"}],"version-history":[{"count":6,"href":"https:\/\/www.mobilimariani.com\/fr\/wp-json\/wp\/v2\/pages\/114\/revisions"}],"predecessor-version":[{"id":29535,"href":"https:\/\/www.mobilimariani.com\/fr\/wp-json\/wp\/v2\/pages\/114\/revisions\/29535"}],"wp:featuredmedia":[{"embeddable":true,"href":"https:\/\/www.mobilimariani.com\/fr\/wp-json\/wp\/v2\/media\/29531"}],"wp:attachment":[{"href":"https:\/\/www.mobilimariani.com\/fr\/wp-json\/wp\/v2\/media?parent=114"}],"curies":[{"name":"wp","href":"https:\/\/api.w.org\/{rel}","templated":true}]}}